 
{"id":1690,"date":"2016-10-27T10:38:49","date_gmt":"2016-10-27T08:38:49","guid":{"rendered":"https:\/\/www.edenpalace.ch\/?page_id=1690"},"modified":"2025-07-10T13:12:39","modified_gmt":"2025-07-10T11:12:39","slug":"mariage","status":"publish","type":"page","link":"https:\/\/www.edenpalace.ch\/fr\/votre-evenement\/mariage\/","title":{"rendered":"Mariage"},"content":{"rendered":"<div class=\"wpb-content-wrapper\"><p>[vc_row][vc_column][rev_slider_vc alias=&#8221;mariage&#8221;][\/vc_column][\/vc_row][vc_row][vc_column]<div class=\"ult-spacer spacer-69f3509542c4b\" data-id=\"69f3509542c4b\" data-height=\"15\" data-height-mobile=\"15\" data-height-tab=\"15\" data-height-tab-portrait=\"15\" data-height-mobile-landscape=\"15\" style=\"clear:both;display:block;\"><\/div><div class=\"benz_block_title style_9 \">\n\t\t\t\t<h2 class=\"title\" style=\"color:#303030\">Le plus beau jour de votre vie<\/h2>\n\t\t\t<\/div><div class=\"ult-spacer spacer-69f3509542d8f\" data-id=\"69f3509542d8f\" data-height=\"15\" data-height-mobile=\"15\" data-height-tab=\"15\" data-height-tab-portrait=\"15\" data-height-mobile-landscape=\"15\" style=\"clear:both;display:block;\"><\/div>[vc_row_inner][vc_column_inner width=&#8221;1\/6&#8243;][\/vc_column_inner][vc_column_inner width=&#8221;2\/3&#8243;][vc_column_text]<\/p>\n<p style=\"text-align: center;\">Vous cherchez un cadre d\u2019exception afin de c\u00e9l\u00e9brer votre mariage\u00a0?<\/p>\n<p style=\"text-align: center;\">L\u2019Eden Palace au Lac vous propose son \u00e9tablissement pour l\u2019organisation d\u2019un mariage unique.<\/p>\n<p>[\/vc_column_text][\/vc_column_inner][vc_column_inner width=&#8221;1\/6&#8243;][\/vc_column_inner][\/vc_row_inner][\/vc_column][\/vc_row][vc_row css=&#8221;.vc_custom_1471443292398{margin-top: 30px !important;}&#8221;][vc_column]<div class=\"ult-spacer spacer-69f3509542de4\" data-id=\"69f3509542de4\" data-height=\"20\" data-height-mobile=\"20\" data-height-tab=\"20\" data-height-tab-portrait=\"\" data-height-mobile-landscape=\"\" style=\"clear:both;display:block;\"><\/div>[\/vc_column][\/vc_row][vc_row type=&#8221;boxed&#8221;][vc_column width=&#8221;1\/2&#8243;]<div class=\"ult-spacer spacer-69f3509542e39\" data-id=\"69f3509542e39\" data-height=\"50\" data-height-mobile=\"30\" data-height-tab=\"30\" data-height-tab-portrait=\"30\" data-height-mobile-landscape=\"30\" style=\"clear:both;display:block;\"><\/div><div class=\"benz_block_title style_9 \">\n\t\t\t\t<h2 class=\"title\" style=\"color:#303030\">Salon 1900<\/h2>\n\t\t\t<\/div>[vc_column_text]<\/p>\n<p style=\"text-align: center;\">Nous vous proposons notamment notre \u00ab\u00a0<em>Salon 1900<\/em>\u00bb de style \u00ab<em>Belle Epoque\u00bb,<\/em> d\u2019une superficie de 340 m2 pouvant accueillir jusqu&#8217;\u00e0\u00a0 150 invit\u00e9s et dot\u00e9e d\u2019une splendide vue sur les Alpes ainsi que sur le lac L\u00e9man.<\/p>\n<p style=\"text-align: center;\">N\u2019h\u00e9sitez pas \u00e0 nous contacter pour de plus amples renseignements sur l&#8217; organisation du mariage de vos r\u00eaves.<\/p>\n<p>[\/vc_column_text][\/vc_column][vc_column width=&#8221;1\/2&#8243;][vc_single_image image=&#8221;6362&#8243; alignment=&#8221;center&#8221;][\/vc_column][\/vc_row][vc_row css=&#8221;.vc_custom_1471443292398{margin-top: 30px !important;}&#8221;][vc_column]<div class=\"ult-spacer spacer-69f3509542ec7\" data-id=\"69f3509542ec7\" data-height=\"40\" data-height-mobile=\"40\" data-height-tab=\"40\" data-height-tab-portrait=\"\" data-height-mobile-landscape=\"\" style=\"clear:both;display:block;\"><\/div>[\/vc_column][\/vc_row][vc_row type=&#8221;boxed&#8221;][vc_column width=&#8221;1\/2&#8243; offset=&#8221;vc_hidden-md vc_hidden-sm vc_hidden-xs&#8221;][vc_single_image image=&#8221;6357&#8243; alignment=&#8221;center&#8221;][\/vc_column][vc_column width=&#8221;1\/2&#8243;]<div class=\"ult-spacer spacer-69f3509542f15\" data-id=\"69f3509542f15\" data-height=\"30\" data-height-mobile=\"30\" data-height-tab=\"30\" data-height-tab-portrait=\"30\" data-height-mobile-landscape=\"30\" style=\"clear:both;display:block;\"><\/div><div class=\"benz_block_title style_9 \">\n\t\t\t\t<h2 class=\"title\" style=\"color:#303030\">Terrasse Pergola<\/h2>\n\t\t\t<\/div>[vc_column_text]<\/p>\n<p style=\"text-align: center;\">Notre terrasse privative, avec une splendide vue sur le lac, est le lieu id\u00e9al pour un ap\u00e9ritif ou un cocktail.<\/p>\n<p>[\/vc_column_text][\/vc_column][vc_column width=&#8221;1\/2&#8243; offset=&#8221;vc_hidden-lg&#8221;][\/vc_column][\/vc_row][vc_row][vc_column]<div class=\"ult-spacer spacer-69f3509542f9f\" data-id=\"69f3509542f9f\" data-height=\"50\" data-height-mobile=\"30\" data-height-tab=\"30\" data-height-tab-portrait=\"30\" data-height-mobile-landscape=\"30\" style=\"clear:both;display:block;\"><\/div>[\/vc_column][\/vc_row][vc_row equal_height=&#8221;yes&#8221; type=&#8221;boxed&#8221; el_class=&#8221;nova-icon-home-1 bloc-avantages&#8221;][vc_column width=&#8221;1\/4&#8243;]<div class=\"nova-icon-component   style_2\"><div class=\"nova-icon-box square_box-icon\" style=\"border-color:#e8e8e8;border-style:solid;border-width:1px;background-color:rgba(255,255,255,0.01);\" data-min-height='250px' data-hover-icon-color=#ffffff data-hover-icon-color-bg=#140459 data-hover-icon-color-border=#303030 ><div class=\"nova-icon-square_box\"><div class=\"ult-just-icon-wrapper  \"><div class=\"align-icon\" style=\"text-align:center;\">\n<div class=\"aio-icon advanced \"  style=\"color:#ffffff;background:#303030;border-style:solid;border-color:#303030;border-width:0px;width:75px;height:75px;line-height:75px;border-radius:75px;font-size:24px;display:inline-block;\">\n\t<i class=\"Defaults-user\"><\/i>\n<\/div><\/div><\/div><\/div><div class=\"nova-icon-header\"><h3 class=\"nova-icon-title\" style=\"font-size:14px;line-height:24px;color:#303030;\">Capacit\u00e9s d'accueil modulables<\/h3><\/div> <!-- header --><div class=\"nova-icon-description\" style=\"font-size:12px;line-height:24px;color:#515151;\">De 15 \u00e0 250 personnes, notre h\u00f4tel est en mesure d\u2019accueillir tous vos \u00e9v\u00e8nements priv\u00e9s.<\/div> <!-- description --><\/div> <!-- nova-icon-box --><\/div><!-- nova-icon-component --><div class=\"ult-spacer spacer-69f350954322a\" data-id=\"69f350954322a\" data-height=\"10\" data-height-mobile=\"10\" data-height-tab=\"10\" data-height-tab-portrait=\"\" data-height-mobile-landscape=\"\" style=\"clear:both;display:block;\"><\/div>[\/vc_column][vc_column width=&#8221;1\/4&#8243;]<div class=\"nova-icon-component   style_2\"><div class=\"nova-icon-box square_box-icon\" style=\"border-color:#e8e8e8;border-style:solid;border-width:1px;background-color:rgba(255,255,255,0.01);\" data-min-height='250px' data-hover-icon-color=#ffffff data-hover-icon-color-bg=#140459 data-hover-icon-color-border=#303030 ><div class=\"nova-icon-square_box\"><div class=\"ult-just-icon-wrapper  \"><div class=\"align-icon\" style=\"text-align:center;\">\n<div class=\"aio-icon advanced \"  style=\"color:#ffffff;background:#303030;border-style:solid;border-color:#303030;border-width:0px;width:75px;height:75px;line-height:75px;border-radius:75px;font-size:24px;display:inline-block;\">\n\t<i class=\"Defaults-bed hotel\"><\/i>\n<\/div><\/div><\/div><\/div><div class=\"nova-icon-header\"><h3 class=\"nova-icon-title\" style=\"font-size:14px;line-height:24px;color:#303030;\">H\u00e9bergement sur place <\/h3><\/div> <!-- header --><div class=\"nova-icon-description\" style=\"font-size:12px;line-height:24px;color:#515151;\">L&#8217;h\u00f4tel dispose de nombreuses chambres pour accueillir tous vos convives.<\/div> <!-- description --><\/div> <!-- nova-icon-box --><\/div><!-- nova-icon-component --><div class=\"ult-spacer spacer-69f35095433b4\" data-id=\"69f35095433b4\" data-height=\"10\" data-height-mobile=\"10\" data-height-tab=\"10\" data-height-tab-portrait=\"\" data-height-mobile-landscape=\"\" style=\"clear:both;display:block;\"><\/div>[\/vc_column][vc_column width=&#8221;1\/4&#8243;]<div class=\"nova-icon-component   style_2\"><div class=\"nova-icon-box square_box-icon\" style=\"border-color:#e8e8e8;border-style:solid;border-width:1px;background-color:rgba(255,255,255,0.01);\" data-min-height='250px' data-hover-icon-color=#ffffff data-hover-icon-color-bg=#140459 data-hover-icon-color-border=#303030 ><div class=\"nova-icon-square_box\"><div class=\"ult-just-icon-wrapper  \"><div class=\"align-icon\" style=\"text-align:center;\">\n<div class=\"aio-icon advanced \"  style=\"color:#ffffff;background:#303030;border-style:solid;border-color:#303030;border-width:0px;width:75px;height:75px;line-height:75px;border-radius:75px;font-size:24px;display:inline-block;\">\n\t<i class=\"Defaults-spoon\"><\/i>\n<\/div><\/div><\/div><\/div><div class=\"nova-icon-header\"><h3 class=\"nova-icon-title\" style=\"font-size:14px;line-height:24px;color:#303030;\">Restauration sur place <\/h3><\/div> <!-- header --><div class=\"nova-icon-description\" style=\"font-size:12px;line-height:24px;color:#515151;\">Notre restaurant\u00a0<em>Chez Gaston<\/em>\u00a0vous propose de vous assoir \u00e0 sa table, ou d&#8217;organiser la restauration de votre \u00e9v\u00e9nement priv\u00e9.<\/div> <!-- description --><\/div> <!-- nova-icon-box --><\/div><!-- nova-icon-component --><div class=\"ult-spacer spacer-69f3509543532\" data-id=\"69f3509543532\" data-height=\"10\" data-height-mobile=\"10\" data-height-tab=\"10\" data-height-tab-portrait=\"\" data-height-mobile-landscape=\"\" style=\"clear:both;display:block;\"><\/div>[\/vc_column][vc_column width=&#8221;1\/4&#8243;]<div class=\"nova-icon-component   style_2\"><div class=\"nova-icon-box square_box-icon\" style=\"border-color:#e8e8e8;border-style:solid;border-width:1px;background-color:rgba(255,255,255,0.01);\" data-min-height='250px' data-hover-icon-color=#ffffff data-hover-icon-color-bg=#140459  ><div class=\"nova-icon-square_box\"><div class=\"ult-just-icon-wrapper  \"><div class=\"align-icon\" style=\"text-align:center;\">\n<div class=\"aio-icon advanced \"  style=\"color:#ffffff;background:#303030;border-style:;border-color:;border-width:1px;width:75px;height:75px;line-height:75px;border-radius:500px;font-size:24px;display:inline-block;\">\n\t<i class=\"Defaults-train\"><\/i>\n<\/div><\/div><\/div><\/div><div class=\"nova-icon-header\"><h3 class=\"nova-icon-title\" style=\"font-size:14px;line-height:24px;color:#303030;\">Id\u00e9alement situ\u00e9<\/h3><\/div> <!-- header --><div class=\"nova-icon-description\" style=\"font-size:12px;line-height:24px;color:#515151;\">Notre palace est situ\u00e9 \u00e0 moins d\u2019une heure de l\u2019a\u00e9roport de Gen\u00e8ve, trente minutes de la gare de Lausanne et cinq\u00a0minutes de celle de Montreux.<\/div> <!-- description --><\/div> <!-- nova-icon-box --><\/div><!-- nova-icon-component --><div class=\"ult-spacer spacer-69f35095436a1\" data-id=\"69f35095436a1\" data-height=\"10\" data-height-mobile=\"10\" data-height-tab=\"10\" data-height-tab-portrait=\"\" data-height-mobile-landscape=\"\" style=\"clear:both;display:block;\"><\/div>[\/vc_column][\/vc_row][vc_row css=&#8221;.vc_custom_1474301378574{padding-top: 30px !important;}&#8221;][vc_column width=&#8221;1\/3&#8243;]<div class=\"ult-spacer spacer-69f35095436e8\" data-id=\"69f35095436e8\" data-height=\"10\" data-height-mobile=\"10\" data-height-tab=\"10\" data-height-tab-portrait=\"\" data-height-mobile-landscape=\"\" style=\"clear:both;display:block;\"><\/div>[\/vc_column][vc_column width=&#8221;1\/3&#8243; el_class=&#8221;text-align-center&#8221;]<a href=\"https:\/\/www.edenpalace.ch\/fr\/contactez-nous\/\" target=\"_self\" data-hover-background-color=#140459 data-hover-border-color=#140459 data-hover-color=#ffffff class=\"nova-button  medium default\" style=\"font-size: 12px; line-height: 24px; color: #000000; background-color: rgba(255,255,255,0.01);border-style:solid;border-color:#000000;border-width:3px;border-radius: 10px;-moz-border-radius: 10px;-webkit-border-radius: 10px; \"><span> Contactez notre service d\u00e9di\u00e9<\/span><\/a><div class=\"ult-spacer spacer-69f35095437b2\" data-id=\"69f35095437b2\" data-height=\"30\" data-height-mobile=\"10\" data-height-tab=\"20\" data-height-tab-portrait=\"20\" data-height-mobile-landscape=\"10\" style=\"clear:both;display:block;\"><\/div><a href=\"https:\/\/www.edenpalace.ch\/wp-content\/uploads\/2025\/05\/Brochure-de-mariage-2025.pdf\" target=\"_self\" data-hover-background-color=#140459 data-hover-border-color=#140459 data-hover-color=#ffffff class=\"nova-button  medium default\" style=\"font-size: 12px; line-height: 24px; color: #000000; background-color: rgba(255,255,255,0.01);border-style:solid;border-color:#000000;border-width:3px;border-radius: 10px;-moz-border-radius: 10px;-webkit-border-radius: 10px; \"><span> Laissez-vous inspirer - Notre brochure mariages<\/span><\/a><div class=\"ult-spacer spacer-69f3509543868\" data-id=\"69f3509543868\" data-height=\"30\" data-height-mobile=\"10\" data-height-tab=\"20\" data-height-tab-portrait=\"20\" data-height-mobile-landscape=\"10\" style=\"clear:both;display:block;\"><\/div>[\/vc_column][vc_column width=&#8221;1\/3&#8243;]<div class=\"ult-spacer spacer-69f35095438ad\" data-id=\"69f35095438ad\" data-height=\"10\" data-height-mobile=\"10\" data-height-tab=\"10\" data-height-tab-portrait=\"\" data-height-mobile-landscape=\"\" style=\"clear:both;display:block;\"><\/div>[\/vc_column][\/vc_row][vc_row][vc_column]<a href=\"\" target=\"_self\"  class=\"nova-button  default\" style=\"\"><span> <\/span><\/a>[\/vc_column][\/vc_row]<\/p>\n<\/div>","protected":false},"excerpt":{"rendered":"<p>[vc_row][vc_column][rev_slider_vc alias=&#8221;mariage&#8221;][\/vc_column][\/vc_row][vc_row][vc_column][vc_row_inner][vc_column_inner width=&#8221;1\/6&#8243;][\/vc_column_inner][vc_column_inner width=&#8221;2\/3&#8243;][vc_column_text] Vous cherchez un cadre d\u2019exception afin de c\u00e9l\u00e9brer votre mariage\u00a0? L\u2019Eden Palace au Lac vous propose son \u00e9tablissement pour l\u2019organisation d\u2019un mariage unique. [\/vc_column_text][\/vc_column_inner][vc_column_inner width=&#8221;1\/6&#8243;][\/vc_column_inner][\/vc_row_inner][\/vc_column][\/vc_row][vc_row css=&#8221;.vc_custom_1471443292398{margin-top: 30px !important;}&#8221;][vc_column][\/vc_column][\/vc_row][vc_row type=&#8221;boxed&#8221;][vc_column width=&#8221;1\/2&#8243;][vc_column_text] Nous vous proposons notamment notre \u00ab\u00a0Salon 1900\u00bb de style \u00abBelle Epoque\u00bb, d\u2019une superficie de 340 m2 pouvant accueillir jusqu&#8217;\u00e0\u00a0 150 invit\u00e9s [&hellip;]<\/p>\n","protected":false},"author":1,"featured_media":0,"parent":1080,"menu_order":0,"comment_status":"closed","ping_status":"closed","template":"page-full-width.php","meta":{"_acf_changed":false,"footnotes":""},"class_list":["post-1690","page","type-page","status-publish","hentry"],"acf":[],"yoast_head":"<!-- This site is optimized with the Yoast SEO plugin v25.3 - https:\/\/yoast.com\/wordpress\/plugins\/seo\/ -->\n<title>Vous cherchez un cadre d\u2019exception afin de c\u00e9l\u00e9brer votre mariage ?<\/title>\n<meta name=\"description\" content=\"L\u2019Eden Palace au Lac vous propose son \u00e9tablissement pour l\u2019organisation d\u2019un mariage unique.\" \/>\n<meta name=\"robots\" content=\"index, follow, max-snippet:-1, max-image-preview:large, max-video-preview:-1\" \/>\n<link rel=\"canonical\" href=\"https:\/\/www.edenpalace.ch\/fr\/votre-evenement\/mariage\/\" \/>\n<meta property=\"og:locale\" content=\"fr_FR\" \/>\n<meta property=\"og:type\" content=\"article\" \/>\n<meta property=\"og:title\" content=\"Vous cherchez un cadre d\u2019exception afin de c\u00e9l\u00e9brer votre mariage ?\" \/>\n<meta property=\"og:description\" content=\"L\u2019Eden Palace au Lac vous propose son \u00e9tablissement pour l\u2019organisation d\u2019un mariage unique.\" \/>\n<meta property=\"og:url\" content=\"https:\/\/www.edenpalace.ch\/fr\/votre-evenement\/mariage\/\" \/>\n<meta property=\"og:site_name\" content=\"Eden Palace\" \/>\n<meta property=\"article:modified_time\" content=\"2025-07-10T11:12:39+00:00\" \/>\n<meta name=\"twitter:card\" content=\"summary_large_image\" \/>\n<meta name=\"twitter:label1\" content=\"Dur\u00e9e de lecture estim\u00e9e\" \/>\n\t<meta name=\"twitter:data1\" content=\"3 minutes\" \/>\n<script type=\"application\/ld+json\" class=\"yoast-schema-graph\">{\"@context\":\"https:\/\/schema.org\",\"@graph\":[{\"@type\":\"WebPage\",\"@id\":\"https:\/\/www.edenpalace.ch\/fr\/votre-evenement\/mariage\/\",\"url\":\"https:\/\/www.edenpalace.ch\/fr\/votre-evenement\/mariage\/\",\"name\":\"Vous cherchez un cadre d\u2019exception afin de c\u00e9l\u00e9brer votre mariage ?\",\"isPartOf\":{\"@id\":\"https:\/\/www.edenpalace.ch\/en\/#website\"},\"datePublished\":\"2016-10-27T08:38:49+00:00\",\"dateModified\":\"2025-07-10T11:12:39+00:00\",\"description\":\"L\u2019Eden Palace au Lac vous propose son \u00e9tablissement pour l\u2019organisation d\u2019un mariage unique.\",\"breadcrumb\":{\"@id\":\"https:\/\/www.edenpalace.ch\/fr\/votre-evenement\/mariage\/#breadcrumb\"},\"inLanguage\":\"fr-FR\",\"potentialAction\":[{\"@type\":\"ReadAction\",\"target\":[\"https:\/\/www.edenpalace.ch\/fr\/votre-evenement\/mariage\/\"]}]},{\"@type\":\"BreadcrumbList\",\"@id\":\"https:\/\/www.edenpalace.ch\/fr\/votre-evenement\/mariage\/#breadcrumb\",\"itemListElement\":[{\"@type\":\"ListItem\",\"position\":1,\"name\":\"Accueil\",\"item\":\"https:\/\/www.edenpalace.ch\/fr\/\"},{\"@type\":\"ListItem\",\"position\":2,\"name\":\"Votre \u00e9v\u00e9nement\",\"item\":\"https:\/\/www.edenpalace.ch\/fr\/votre-evenement\/\"},{\"@type\":\"ListItem\",\"position\":3,\"name\":\"Mariage\"}]},{\"@type\":\"WebSite\",\"@id\":\"https:\/\/www.edenpalace.ch\/en\/#website\",\"url\":\"https:\/\/www.edenpalace.ch\/en\/\",\"name\":\"Eden Palace\",\"description\":\"H\u00f4tel d&#039;exception sur les bords du lac de Montreux\",\"potentialAction\":[{\"@type\":\"SearchAction\",\"target\":{\"@type\":\"EntryPoint\",\"urlTemplate\":\"https:\/\/www.edenpalace.ch\/en\/?s={search_term_string}\"},\"query-input\":{\"@type\":\"PropertyValueSpecification\",\"valueRequired\":true,\"valueName\":\"search_term_string\"}}],\"inLanguage\":\"fr-FR\"}]}<\/script>\n<!-- \/ Yoast SEO plugin. -->","yoast_head_json":{"title":"Vous cherchez un cadre d\u2019exception afin de c\u00e9l\u00e9brer votre mariage ?","description":"L\u2019Eden Palace au Lac vous propose son \u00e9tablissement pour l\u2019organisation d\u2019un mariage unique.","robots":{"index":"index","follow":"follow","max-snippet":"max-snippet:-1","max-image-preview":"max-image-preview:large","max-video-preview":"max-video-preview:-1"},"canonical":"https:\/\/www.edenpalace.ch\/fr\/votre-evenement\/mariage\/","og_locale":"fr_FR","og_type":"article","og_title":"Vous cherchez un cadre d\u2019exception afin de c\u00e9l\u00e9brer votre mariage ?","og_description":"L\u2019Eden Palace au Lac vous propose son \u00e9tablissement pour l\u2019organisation d\u2019un mariage unique.","og_url":"https:\/\/www.edenpalace.ch\/fr\/votre-evenement\/mariage\/","og_site_name":"Eden Palace","article_modified_time":"2025-07-10T11:12:39+00:00","twitter_card":"summary_large_image","twitter_misc":{"Dur\u00e9e de lecture estim\u00e9e":"3 minutes"},"schema":{"@context":"https:\/\/schema.org","@graph":[{"@type":"WebPage","@id":"https:\/\/www.edenpalace.ch\/fr\/votre-evenement\/mariage\/","url":"https:\/\/www.edenpalace.ch\/fr\/votre-evenement\/mariage\/","name":"Vous cherchez un cadre d\u2019exception afin de c\u00e9l\u00e9brer votre mariage ?","isPartOf":{"@id":"https:\/\/www.edenpalace.ch\/en\/#website"},"datePublished":"2016-10-27T08:38:49+00:00","dateModified":"2025-07-10T11:12:39+00:00","description":"L\u2019Eden Palace au Lac vous propose son \u00e9tablissement pour l\u2019organisation d\u2019un mariage unique.","breadcrumb":{"@id":"https:\/\/www.edenpalace.ch\/fr\/votre-evenement\/mariage\/#breadcrumb"},"inLanguage":"fr-FR","potentialAction":[{"@type":"ReadAction","target":["https:\/\/www.edenpalace.ch\/fr\/votre-evenement\/mariage\/"]}]},{"@type":"BreadcrumbList","@id":"https:\/\/www.edenpalace.ch\/fr\/votre-evenement\/mariage\/#breadcrumb","itemListElement":[{"@type":"ListItem","position":1,"name":"Accueil","item":"https:\/\/www.edenpalace.ch\/fr\/"},{"@type":"ListItem","position":2,"name":"Votre \u00e9v\u00e9nement","item":"https:\/\/www.edenpalace.ch\/fr\/votre-evenement\/"},{"@type":"ListItem","position":3,"name":"Mariage"}]},{"@type":"WebSite","@id":"https:\/\/www.edenpalace.ch\/en\/#website","url":"https:\/\/www.edenpalace.ch\/en\/","name":"Eden Palace","description":"H\u00f4tel d&#039;exception sur les bords du lac de Montreux","potentialAction":[{"@type":"SearchAction","target":{"@type":"EntryPoint","urlTemplate":"https:\/\/www.edenpalace.ch\/en\/?s={search_term_string}"},"query-input":{"@type":"PropertyValueSpecification","valueRequired":true,"valueName":"search_term_string"}}],"inLanguage":"fr-FR"}]}},"_links":{"self":[{"href":"https:\/\/www.edenpalace.ch\/fr\/wp-json\/wp\/v2\/pages\/1690","targetHints":{"allow":["GET"]}}],"collection":[{"href":"https:\/\/www.edenpalace.ch\/fr\/wp-json\/wp\/v2\/pages"}],"about":[{"href":"https:\/\/www.edenpalace.ch\/fr\/wp-json\/wp\/v2\/types\/page"}],"author":[{"embeddable":true,"href":"https:\/\/www.edenpalace.ch\/fr\/wp-json\/wp\/v2\/users\/1"}],"replies":[{"embeddable":true,"href":"https:\/\/www.edenpalace.ch\/fr\/wp-json\/wp\/v2\/comments?post=1690"}],"version-history":[{"count":28,"href":"https:\/\/www.edenpalace.ch\/fr\/wp-json\/wp\/v2\/pages\/1690\/revisions"}],"predecessor-version":[{"id":6366,"href":"https:\/\/www.edenpalace.ch\/fr\/wp-json\/wp\/v2\/pages\/1690\/revisions\/6366"}],"up":[{"embeddable":true,"href":"https:\/\/www.edenpalace.ch\/fr\/wp-json\/wp\/v2\/pages\/1080"}],"wp:attachment":[{"href":"https:\/\/www.edenpalace.ch\/fr\/wp-json\/wp\/v2\/media?parent=1690"}],"curies":[{"name":"wp","href":"https:\/\/api.w.org\/{rel}","templated":true}]}}