 
{"id":1462,"date":"2016-10-27T10:01:00","date_gmt":"2016-10-27T08:01:00","guid":{"rendered":"https:\/\/www.edenpalace.ch\/?page_id=1462"},"modified":"2025-05-21T15:26:26","modified_gmt":"2025-05-21T13:26:26","slug":"banquet-et-gala","status":"publish","type":"page","link":"https:\/\/www.edenpalace.ch\/fr\/votre-evenement\/banquet-et-gala\/","title":{"rendered":"Banquet et gala"},"content":{"rendered":"<div class=\"wpb-content-wrapper\"><p>[vc_row][vc_column][rev_slider_vc alias=&#8221;banquet&#8221;][\/vc_column][\/vc_row][vc_row][vc_column]<div class=\"ult-spacer spacer-69f421df21206\" data-id=\"69f421df21206\" data-height=\"25\" data-height-mobile=\"15\" data-height-tab=\"15\" data-height-tab-portrait=\"15\" data-height-mobile-landscape=\"15\" style=\"clear:both;display:block;\"><\/div><div class=\"benz_block_title style_9 \">\n\t\t\t\t<h2 class=\"title\" style=\"color:#303030\">Nos salles pour vos banquets et galas<\/h2>\n\t\t\t<\/div><div class=\"ult-spacer spacer-69f421df212b3\" data-id=\"69f421df212b3\" data-height=\"15\" data-height-mobile=\"15\" data-height-tab=\"15\" data-height-tab-portrait=\"15\" data-height-mobile-landscape=\"15\" style=\"clear:both;display:block;\"><\/div>[vc_row_inner][vc_column_inner width=&#8221;1\/6&#8243;][\/vc_column_inner][vc_column_inner width=&#8221;2\/3&#8243;][vc_column_text]<\/p>\n<p style=\"text-align: center;\">L\u2019Eden Palace au Lac vous propose ses salles pour l\u2019organisation de vos banquets, gala ou encore soir\u00e9es d\u2019entreprise. Vous profiterez d\u2019une cuisine raffin\u00e9e dans un cadre \u00e9l\u00e9gant.<\/p>\n<p>[\/vc_column_text][\/vc_column_inner][vc_column_inner width=&#8221;1\/6&#8243;][\/vc_column_inner][\/vc_row_inner][\/vc_column][\/vc_row][vc_row css=&#8221;.vc_custom_1471443292398{margin-top: 30px !important;}&#8221;][vc_column]    \t\n\t\t\n\t\t\n\t\t\t<div class=\"benz_products_furniture woocommerce\">\n\t\t<ul id=\"benz-products-furniture-529695810\" class=\"products product small-block-grid-1 medium-block-grid-2 large-block-grid-4\">\n                                    \n<li class=\"\">\n\n\t<a href=\"https:\/\/www.edenpalace.ch\/fr\/produit\/salon-belle-epoque\/\" class=\"woocommerce-LoopProduct-link woocommerce-loop-product__link\">\n\n\n\t\t\n\t\t\n\t\t<div class=\"product_images_wrapper \">\n\n\t\t\t<div class=\"product_thumbnail\">\n\t\t\t\t\t<div class=\"product_images_hover\">\n\t\t\t\t\t\t<a class=\"read_more_product\" href=\"https:\/\/www.edenpalace.ch\/fr\/produit\/salon-belle-epoque\/\"><\/a>\n\t\t\t\t\t\t\n\t\t\t\t\t<\/div>\n\t\t\t\t\t<img loading=\"lazy\" decoding=\"async\" width=\"350\" height=\"533\" src=\"https:\/\/www.edenpalace.ch\/wp-content\/uploads\/2016\/11\/salon-1-350x533.jpg\" class=\"attachment-shop_catalog size-shop_catalog wp-post-image\" alt=\"\" \/>\t\t\t<\/div><!--.product_thumbnail-->\n\n\t\t\t\n\t\t\t\t\t\t\n\t\t\t<div class=\"product_caption\">\n\t\t\t\t<div class=\"product_list_price\">\n\t\t\t\t\t\t\n\t\t\t\t<\/div>\n\t\t\t\t<div class=\"product-category\">\n\t\t\t\t\t\u00c9v\u00e9nements priv\u00e9s\t\t\t\t<\/div>\n\t\t\t\t<h3><a class=\"product-title-link\" href=\"https:\/\/www.edenpalace.ch\/fr\/produit\/salon-belle-epoque\/\">Salon Belle \u00e9poque<\/a><\/h3>\n\n\t\t\t\t\n\t\t\t<\/div>\n\n\t\t<\/div><!--.product_images_wrapper-->\n\n<\/li>                            \n<li class=\"\">\n\n\t<a href=\"https:\/\/www.edenpalace.ch\/fr\/produit\/salon-1900\/\" class=\"woocommerce-LoopProduct-link woocommerce-loop-product__link\">\n\n\n\t\t\n\t\t\n\t\t<div class=\"product_images_wrapper \">\n\n\t\t\t<div class=\"product_thumbnail\">\n\t\t\t\t\t<div class=\"product_images_hover\">\n\t\t\t\t\t\t<a class=\"read_more_product\" href=\"https:\/\/www.edenpalace.ch\/fr\/produit\/salon-1900\/\"><\/a>\n\t\t\t\t\t\t\n\t\t\t\t\t<\/div>\n\t\t\t\t\t<img loading=\"lazy\" decoding=\"async\" width=\"350\" height=\"350\" src=\"https:\/\/www.edenpalace.ch\/wp-content\/uploads\/2015\/11\/Eden-Palace-evenement-prive-box-350x350.jpg\" class=\"attachment-shop_catalog size-shop_catalog wp-post-image\" alt=\"\" srcset=\"https:\/\/www.edenpalace.ch\/wp-content\/uploads\/2015\/11\/Eden-Palace-evenement-prive-box.jpg 350w, https:\/\/www.edenpalace.ch\/wp-content\/uploads\/2015\/11\/Eden-Palace-evenement-prive-box-100x100.jpg 100w, https:\/\/www.edenpalace.ch\/wp-content\/uploads\/2015\/11\/Eden-Palace-evenement-prive-box-150x150.jpg 150w, https:\/\/www.edenpalace.ch\/wp-content\/uploads\/2015\/11\/Eden-Palace-evenement-prive-box-300x300.jpg 300w, https:\/\/www.edenpalace.ch\/wp-content\/uploads\/2015\/11\/Eden-Palace-evenement-prive-box-130x130.jpg 130w\" sizes=\"auto, (max-width: 350px) 100vw, 350px\" \/>\t\t\t<\/div><!--.product_thumbnail-->\n\n\t\t\t\n\t\t\t\t\t\t\n\t\t\t<div class=\"product_caption\">\n\t\t\t\t<div class=\"product_list_price\">\n\t\t\t\t\t\t\n\t\t\t\t<\/div>\n\t\t\t\t<div class=\"product-category\">\n\t\t\t\t\t\u00c9v\u00e9nements priv\u00e9s\t\t\t\t<\/div>\n\t\t\t\t<h3><a class=\"product-title-link\" href=\"https:\/\/www.edenpalace.ch\/fr\/produit\/salon-1900\/\">Salon 1900<\/a><\/h3>\n\n\t\t\t\t\n\t\t\t<\/div>\n\n\t\t<\/div><!--.product_images_wrapper-->\n\n<\/li>                            \n<li class=\"\">\n\n\t<a href=\"https:\/\/www.edenpalace.ch\/fr\/produit\/villa-eden-page-votre-evenement\/\" class=\"woocommerce-LoopProduct-link woocommerce-loop-product__link\">\n\n\n\t\t\n\t\t\n\t\t<div class=\"product_images_wrapper \">\n\n\t\t\t<div class=\"product_thumbnail\">\n\t\t\t\t\t<div class=\"product_images_hover\">\n\t\t\t\t\t\t<a class=\"read_more_product\" href=\"https:\/\/www.edenpalace.ch\/fr\/produit\/villa-eden-page-votre-evenement\/\"><\/a>\n\t\t\t\t\t\t\n\t\t\t\t\t<\/div>\n\t\t\t\t\t<img loading=\"lazy\" decoding=\"async\" width=\"350\" height=\"350\" src=\"https:\/\/www.edenpalace.ch\/wp-content\/uploads\/2015\/11\/Eden-Palace-salle-conferences-box4-350x350.jpg\" class=\"attachment-shop_catalog size-shop_catalog wp-post-image\" alt=\"\" srcset=\"https:\/\/www.edenpalace.ch\/wp-content\/uploads\/2015\/11\/Eden-Palace-salle-conferences-box4.jpg 350w, https:\/\/www.edenpalace.ch\/wp-content\/uploads\/2015\/11\/Eden-Palace-salle-conferences-box4-100x100.jpg 100w, https:\/\/www.edenpalace.ch\/wp-content\/uploads\/2015\/11\/Eden-Palace-salle-conferences-box4-150x150.jpg 150w, https:\/\/www.edenpalace.ch\/wp-content\/uploads\/2015\/11\/Eden-Palace-salle-conferences-box4-300x300.jpg 300w, https:\/\/www.edenpalace.ch\/wp-content\/uploads\/2015\/11\/Eden-Palace-salle-conferences-box4-130x130.jpg 130w\" sizes=\"auto, (max-width: 350px) 100vw, 350px\" \/>\t\t\t<\/div><!--.product_thumbnail-->\n\n\t\t\t\n\t\t\t\t\t\t\n\t\t\t<div class=\"product_caption\">\n\t\t\t\t<div class=\"product_list_price\">\n\t\t\t\t\t\t\n\t\t\t\t<\/div>\n\t\t\t\t<div class=\"product-category\">\n\t\t\t\t\t\u00c9v\u00e9nements priv\u00e9s\t\t\t\t<\/div>\n\t\t\t\t<h3><a class=\"product-title-link\" href=\"https:\/\/www.edenpalace.ch\/fr\/produit\/villa-eden-page-votre-evenement\/\">Villa Eden<\/a><\/h3>\n\n\t\t\t\t\n\t\t\t<\/div>\n\n\t\t<\/div><!--.product_images_wrapper-->\n\n<\/li>                            \n<li class=\"\">\n\n\t<a href=\"https:\/\/www.edenpalace.ch\/fr\/produit\/terrasse\/\" class=\"woocommerce-LoopProduct-link woocommerce-loop-product__link\">\n\n\n\t\t\n\t\t\n\t\t<div class=\"product_images_wrapper \">\n\n\t\t\t<div class=\"product_thumbnail\">\n\t\t\t\t\t<div class=\"product_images_hover\">\n\t\t\t\t\t\t<a class=\"read_more_product\" href=\"https:\/\/www.edenpalace.ch\/fr\/produit\/terrasse\/\"><\/a>\n\t\t\t\t\t\t\n\t\t\t\t\t<\/div>\n\t\t\t\t\t<img loading=\"lazy\" decoding=\"async\" width=\"350\" height=\"350\" src=\"https:\/\/www.edenpalace.ch\/wp-content\/uploads\/2016\/10\/salon-belle-epoque-mini-350x350.jpg\" class=\"attachment-shop_catalog size-shop_catalog wp-post-image\" alt=\"\" srcset=\"https:\/\/www.edenpalace.ch\/wp-content\/uploads\/2016\/10\/salon-belle-epoque-mini-350x350.jpg 350w, https:\/\/www.edenpalace.ch\/wp-content\/uploads\/2016\/10\/salon-belle-epoque-mini-100x100.jpg 100w, https:\/\/www.edenpalace.ch\/wp-content\/uploads\/2016\/10\/salon-belle-epoque-mini-150x150.jpg 150w, https:\/\/www.edenpalace.ch\/wp-content\/uploads\/2016\/10\/salon-belle-epoque-mini-130x130.jpg 130w\" sizes=\"auto, (max-width: 350px) 100vw, 350px\" \/>\t\t\t<\/div><!--.product_thumbnail-->\n\n\t\t\t\n\t\t\t\t\t\t\n\t\t\t<div class=\"product_caption\">\n\t\t\t\t<div class=\"product_list_price\">\n\t\t\t\t\t\t\n\t\t\t\t<\/div>\n\t\t\t\t<div class=\"product-category\">\n\t\t\t\t\t\u00c9v\u00e9nements priv\u00e9s\t\t\t\t<\/div>\n\t\t\t\t<h3><a class=\"product-title-link\" href=\"https:\/\/www.edenpalace.ch\/fr\/produit\/terrasse\/\">Terrasse<\/a><\/h3>\n\n\t\t\t\t\n\t\t\t<\/div>\n\n\t\t<\/div><!--.product_images_wrapper-->\n\n<\/li>                    \t\t<\/ul>\n\t<\/div>\n\t<div class=\"ult-spacer spacer-69f421df296d2\" data-id=\"69f421df296d2\" data-height=\"40\" data-height-mobile=\"40\" data-height-tab=\"40\" data-height-tab-portrait=\"\" data-height-mobile-landscape=\"\" style=\"clear:both;display:block;\"><\/div>[\/vc_column][\/vc_row][vc_row type=&#8221;boxed&#8221;][vc_column][vc_column_text]<\/p>\n<p style=\"text-align: center;\">A l\u2019Eden Palace au Lac,\u00a0nous avons \u00e0 c\u0153ur le plaisir de vos convives, leur bien-\u00eatre et leur d\u00e9tente. Notre \u00ab\u00a0<em>Salon 1900\u00a0\u00bb,<\/em> de style \u00ab\u00a0<em>Belle Epoque<\/em>\u00a0\u00bb vous offre un d\u00e9cor unique pour vos r\u00e9ceptions. D\u2019une superficie de 340m2, elle peut accueillir jusqu\u2019\u00e0 250 invit\u00e9s et vous garantit une splendide vue sur les Alpes et le lac L\u00e9man.<br \/>\nN\u2019h\u00e9sitez pas \u00e0 nous contacter pour de plus amples informations sur nos salles de r\u00e9ception et de banquets.<\/p>\n<p>[\/vc_column_text]<div class=\"ult-spacer spacer-69f421df29737\" data-id=\"69f421df29737\" data-height=\"50\" data-height-mobile=\"30\" data-height-tab=\"30\" data-height-tab-portrait=\"30\" data-height-mobile-landscape=\"30\" style=\"clear:both;display:block;\"><\/div>[\/vc_column][\/vc_row][vc_row type=&#8221;boxed&#8221;][vc_column width=&#8221;1\/2&#8243;]<div class=\"ult-spacer spacer-69f421df29771\" data-id=\"69f421df29771\" data-height=\"50\" data-height-mobile=\"30\" data-height-tab=\"30\" data-height-tab-portrait=\"30\" data-height-mobile-landscape=\"30\" style=\"clear:both;display:block;\"><\/div><div class=\"benz_block_title style_9 \">\n\t\t\t\t<h2 class=\"title\" style=\"color:#303030\">Vos ap\u00e9ritifs<\/h2>\n\t\t\t<\/div>[vc_column_text]<\/p>\n<p style=\"text-align: center;\">Notre \u00e9tablissement vous propose son salon Belle-Epoque d\u2019une dimension de 40m2. B\u00e9n\u00e9ficiant d\u2019un acc\u00e8s \u00e0 une terrasse privative, d\u2019une lumi\u00e8re naturelle en journ\u00e9e, c\u2019est le lieu id\u00e9al pour vos \u00e9v\u00e8nements.<\/p>\n<p>[\/vc_column_text][\/vc_column][vc_column width=&#8221;1\/2&#8243;][vc_single_image image=&#8221;6536&#8243; alignment=&#8221;center&#8221; style=&#8221;vc_box_border&#8221; border_color=&#8221;chino&#8221;][\/vc_column][\/vc_row][vc_row][vc_column]<div class=\"ult-spacer spacer-69f421df297d8\" data-id=\"69f421df297d8\" data-height=\"50\" data-height-mobile=\"30\" data-height-tab=\"30\" data-height-tab-portrait=\"30\" data-height-mobile-landscape=\"30\" style=\"clear:both;display:block;\"><\/div>[\/vc_column][\/vc_row][vc_row equal_height=&#8221;yes&#8221; type=&#8221;boxed&#8221; el_class=&#8221;nova-icon-home-1 bloc-avantages&#8221;][vc_column width=&#8221;1\/4&#8243;]<div class=\"nova-icon-component   style_2\"><div class=\"nova-icon-box square_box-icon\" style=\"border-color:#e8e8e8;border-style:solid;border-width:1px;background-color:rgba(255,255,255,0.01);\" data-min-height='250px' data-hover-icon-color=#ffffff data-hover-icon-color-bg=#140459 data-hover-icon-color-border=#303030 ><div class=\"nova-icon-square_box\"><div class=\"ult-just-icon-wrapper  \"><div class=\"align-icon\" style=\"text-align:center;\">\n<div class=\"aio-icon advanced \"  style=\"color:#ffffff;background:#303030;border-style:solid;border-color:#303030;border-width:0px;width:75px;height:75px;line-height:75px;border-radius:75px;font-size:24px;display:inline-block;\">\n\t<i class=\"Defaults-user\"><\/i>\n<\/div><\/div><\/div><\/div><div class=\"nova-icon-header\"><h3 class=\"nova-icon-title\" style=\"font-size:14px;line-height:24px;color:#303030;\">Capacit\u00e9s d'accueil modulables<\/h3><\/div> <!-- header --><div class=\"nova-icon-description\" style=\"font-size:12px;line-height:24px;color:#515151;\">De 15 \u00e0 250 personnes, notre h\u00f4tel est en mesure d\u2019accueillir tous vos \u00e9v\u00e8nements priv\u00e9s.<\/div> <!-- description --><\/div> <!-- nova-icon-box --><\/div><!-- nova-icon-component --><div class=\"ult-spacer spacer-69f421df29915\" data-id=\"69f421df29915\" data-height=\"10\" data-height-mobile=\"10\" data-height-tab=\"10\" data-height-tab-portrait=\"\" data-height-mobile-landscape=\"\" style=\"clear:both;display:block;\"><\/div>[\/vc_column][vc_column width=&#8221;1\/4&#8243;]<div class=\"nova-icon-component   style_2\"><div class=\"nova-icon-box square_box-icon\" style=\"border-color:#e8e8e8;border-style:solid;border-width:1px;background-color:rgba(255,255,255,0.01);\" data-min-height='250px' data-hover-icon-color=#ffffff data-hover-icon-color-bg=#140459 data-hover-icon-color-border=#303030 ><div class=\"nova-icon-square_box\"><div class=\"ult-just-icon-wrapper  \"><div class=\"align-icon\" style=\"text-align:center;\">\n<div class=\"aio-icon advanced \"  style=\"color:#ffffff;background:#303030;border-style:solid;border-color:#303030;border-width:0px;width:75px;height:75px;line-height:75px;border-radius:75px;font-size:24px;display:inline-block;\">\n\t<i class=\"Defaults-bed hotel\"><\/i>\n<\/div><\/div><\/div><\/div><div class=\"nova-icon-header\"><h3 class=\"nova-icon-title\" style=\"font-size:14px;line-height:24px;color:#303030;\">H\u00e9bergement sur place <\/h3><\/div> <!-- header --><div class=\"nova-icon-description\" style=\"font-size:12px;line-height:24px;color:#515151;\">L&#8217;h\u00f4tel dispose de nombreuses chambres pour accueillir tous vos convives.<\/div> <!-- description --><\/div> <!-- nova-icon-box --><\/div><!-- nova-icon-component --><div class=\"ult-spacer spacer-69f421df29a39\" data-id=\"69f421df29a39\" data-height=\"10\" data-height-mobile=\"10\" data-height-tab=\"10\" data-height-tab-portrait=\"\" data-height-mobile-landscape=\"\" style=\"clear:both;display:block;\"><\/div>[\/vc_column][vc_column width=&#8221;1\/4&#8243;]<div class=\"nova-icon-component   style_2\"><div class=\"nova-icon-box square_box-icon\" style=\"border-color:#e8e8e8;border-style:solid;border-width:1px;background-color:rgba(255,255,255,0.01);\" data-min-height='250px' data-hover-icon-color=#ffffff data-hover-icon-color-bg=#140459 data-hover-icon-color-border=#303030 ><div class=\"nova-icon-square_box\"><div class=\"ult-just-icon-wrapper  \"><div class=\"align-icon\" style=\"text-align:center;\">\n<div class=\"aio-icon advanced \"  style=\"color:#ffffff;background:#303030;border-style:solid;border-color:#303030;border-width:0px;width:75px;height:75px;line-height:75px;border-radius:75px;font-size:24px;display:inline-block;\">\n\t<i class=\"Defaults-spoon\"><\/i>\n<\/div><\/div><\/div><\/div><div class=\"nova-icon-header\"><h3 class=\"nova-icon-title\" style=\"font-size:14px;line-height:24px;color:#303030;\">Restauration sur place <\/h3><\/div> <!-- header --><div class=\"nova-icon-description\" style=\"font-size:12px;line-height:24px;color:#515151;\">Notre restaurant <strong><em>Chez Gaston<\/em><\/strong>\u00a0vous propose de vous assoir \u00e0 sa table, ou d&#8217;organiser la restauration de votre \u00e9v\u00e9nement priv\u00e9.<\/div> <!-- description --><\/div> <!-- nova-icon-box --><\/div><!-- nova-icon-component --><div class=\"ult-spacer spacer-69f421df29b73\" data-id=\"69f421df29b73\" data-height=\"10\" data-height-mobile=\"10\" data-height-tab=\"10\" data-height-tab-portrait=\"\" data-height-mobile-landscape=\"\" style=\"clear:both;display:block;\"><\/div>[\/vc_column][vc_column width=&#8221;1\/4&#8243;]<div class=\"nova-icon-component   style_2\"><div class=\"nova-icon-box square_box-icon\" style=\"border-color:#e8e8e8;border-style:solid;border-width:1px;background-color:rgba(255,255,255,0.01);\" data-min-height='250px' data-hover-icon-color=#ffffff data-hover-icon-color-bg=#140459  ><div class=\"nova-icon-square_box\"><div class=\"ult-just-icon-wrapper  \"><div class=\"align-icon\" style=\"text-align:center;\">\n<div class=\"aio-icon advanced \"  style=\"color:#ffffff;background:#303030;border-style:;border-color:;border-width:1px;width:75px;height:75px;line-height:75px;border-radius:500px;font-size:24px;display:inline-block;\">\n\t<i class=\"Defaults-train\"><\/i>\n<\/div><\/div><\/div><\/div><div class=\"nova-icon-header\"><h3 class=\"nova-icon-title\" style=\"font-size:14px;line-height:24px;color:#303030;\">Id\u00e9alement situ\u00e9<\/h3><\/div> <!-- header --><div class=\"nova-icon-description\" style=\"font-size:12px;line-height:24px;color:#515151;\">Notre palace est situ\u00e9 \u00e0 moins d\u2019une heure de l\u2019a\u00e9roport de Gen\u00e8ve, trente minutes de la gare de Lausanne et cinq\u00a0minutes de celle de Montreux.<\/div> <!-- description --><\/div> <!-- nova-icon-box --><\/div><!-- nova-icon-component --><div class=\"ult-spacer spacer-69f421df29c70\" data-id=\"69f421df29c70\" data-height=\"10\" data-height-mobile=\"10\" data-height-tab=\"10\" data-height-tab-portrait=\"\" data-height-mobile-landscape=\"\" style=\"clear:both;display:block;\"><\/div>[\/vc_column][\/vc_row][vc_row css=&#8221;.vc_custom_1474301378574{padding-top: 30px !important;}&#8221;][vc_column width=&#8221;1\/3&#8243;]<div class=\"ult-spacer spacer-69f421df29c9b\" data-id=\"69f421df29c9b\" data-height=\"10\" data-height-mobile=\"10\" data-height-tab=\"10\" data-height-tab-portrait=\"\" data-height-mobile-landscape=\"\" style=\"clear:both;display:block;\"><\/div>[\/vc_column][vc_column width=&#8221;1\/3&#8243; el_class=&#8221;text-align-center&#8221;]<a href=\"#\" target=\"_self\" data-hover-background-color=#140459 data-hover-border-color=#140459 data-hover-color=#ffffff class=\"nova-button  medium default\" style=\"font-size: 12px; line-height: 24px; color: #000000; background-color: rgba(255,255,255,0.01);border-style:solid;border-color:#000000;border-width:3px;border-radius: 10px;-moz-border-radius: 10px;-webkit-border-radius: 10px; \"><span> Contactez notre service d\u00e9di\u00e9<\/span><\/a><div class=\"ult-spacer spacer-69f421df29d1e\" data-id=\"69f421df29d1e\" data-height=\"30\" data-height-mobile=\"10\" data-height-tab=\"20\" data-height-tab-portrait=\"20\" data-height-mobile-landscape=\"10\" style=\"clear:both;display:block;\"><\/div>[\/vc_column][vc_column width=&#8221;1\/3&#8243;]<div class=\"ult-spacer spacer-69f421df29d52\" data-id=\"69f421df29d52\" data-height=\"10\" data-height-mobile=\"10\" data-height-tab=\"10\" data-height-tab-portrait=\"\" data-height-mobile-landscape=\"\" style=\"clear:both;display:block;\"><\/div>[\/vc_column][\/vc_row]<\/p>\n<\/div>","protected":false},"excerpt":{"rendered":"<p>[vc_row][vc_column][rev_slider_vc alias=&#8221;banquet&#8221;][\/vc_column][\/vc_row][vc_row][vc_column][vc_row_inner][vc_column_inner width=&#8221;1\/6&#8243;][\/vc_column_inner][vc_column_inner width=&#8221;2\/3&#8243;][vc_column_text] L\u2019Eden Palace au Lac vous propose ses salles pour l\u2019organisation de vos banquets, gala ou encore soir\u00e9es d\u2019entreprise. Vous profiterez d\u2019une cuisine raffin\u00e9e dans un cadre \u00e9l\u00e9gant. [\/vc_column_text][\/vc_column_inner][vc_column_inner width=&#8221;1\/6&#8243;][\/vc_column_inner][\/vc_row_inner][\/vc_column][\/vc_row][vc_row css=&#8221;.vc_custom_1471443292398{margin-top: 30px !important;}&#8221;][vc_column][\/vc_column][\/vc_row][vc_row type=&#8221;boxed&#8221;][vc_column][vc_column_text] A l\u2019Eden Palace au Lac,\u00a0nous avons \u00e0 c\u0153ur le plaisir de vos convives, leur bien-\u00eatre et leur d\u00e9tente. [&hellip;]<\/p>\n","protected":false},"author":1,"featured_media":0,"parent":1080,"menu_order":0,"comment_status":"closed","ping_status":"closed","template":"page-full-width.php","meta":{"_acf_changed":false,"footnotes":""},"class_list":["post-1462","page","type-page","status-publish","hentry"],"acf":[],"yoast_head":"<!-- This site is optimized with the Yoast SEO plugin v25.3 - https:\/\/yoast.com\/wordpress\/plugins\/seo\/ -->\n<title>BANQUET ET GALA - Eden Palace<\/title>\n<meta name=\"description\" content=\"L\u2019Eden Palace au Lac vous propose ses salles pour l\u2019organisation de vos banquets, gala ou encore soir\u00e9es d\u2019entreprise.\" \/>\n<meta name=\"robots\" content=\"index, follow, max-snippet:-1, max-image-preview:large, max-video-preview:-1\" \/>\n<link rel=\"canonical\" href=\"https:\/\/www.edenpalace.ch\/fr\/votre-evenement\/banquet-et-gala\/\" \/>\n<meta property=\"og:locale\" content=\"fr_FR\" \/>\n<meta property=\"og:type\" content=\"article\" \/>\n<meta property=\"og:title\" content=\"BANQUET ET GALA - Eden Palace\" \/>\n<meta property=\"og:description\" content=\"L\u2019Eden Palace au Lac vous propose ses salles pour l\u2019organisation de vos banquets, gala ou encore soir\u00e9es d\u2019entreprise.\" \/>\n<meta property=\"og:url\" content=\"https:\/\/www.edenpalace.ch\/fr\/votre-evenement\/banquet-et-gala\/\" \/>\n<meta property=\"og:site_name\" content=\"Eden Palace\" \/>\n<meta property=\"article:modified_time\" content=\"2025-05-21T13:26:26+00:00\" \/>\n<meta name=\"twitter:card\" content=\"summary_large_image\" \/>\n<meta name=\"twitter:label1\" content=\"Dur\u00e9e de lecture estim\u00e9e\" \/>\n\t<meta name=\"twitter:data1\" content=\"5 minutes\" \/>\n<script type=\"application\/ld+json\" class=\"yoast-schema-graph\">{\"@context\":\"https:\/\/schema.org\",\"@graph\":[{\"@type\":\"WebPage\",\"@id\":\"https:\/\/www.edenpalace.ch\/fr\/votre-evenement\/banquet-et-gala\/\",\"url\":\"https:\/\/www.edenpalace.ch\/fr\/votre-evenement\/banquet-et-gala\/\",\"name\":\"BANQUET ET GALA - Eden Palace\",\"isPartOf\":{\"@id\":\"https:\/\/www.edenpalace.ch\/en\/#website\"},\"datePublished\":\"2016-10-27T08:01:00+00:00\",\"dateModified\":\"2025-05-21T13:26:26+00:00\",\"description\":\"L\u2019Eden Palace au Lac vous propose ses salles pour l\u2019organisation de vos banquets, gala ou encore soir\u00e9es d\u2019entreprise.\",\"breadcrumb\":{\"@id\":\"https:\/\/www.edenpalace.ch\/fr\/votre-evenement\/banquet-et-gala\/#breadcrumb\"},\"inLanguage\":\"fr-FR\",\"potentialAction\":[{\"@type\":\"ReadAction\",\"target\":[\"https:\/\/www.edenpalace.ch\/fr\/votre-evenement\/banquet-et-gala\/\"]}]},{\"@type\":\"BreadcrumbList\",\"@id\":\"https:\/\/www.edenpalace.ch\/fr\/votre-evenement\/banquet-et-gala\/#breadcrumb\",\"itemListElement\":[{\"@type\":\"ListItem\",\"position\":1,\"name\":\"Accueil\",\"item\":\"https:\/\/www.edenpalace.ch\/fr\/\"},{\"@type\":\"ListItem\",\"position\":2,\"name\":\"Votre \u00e9v\u00e9nement\",\"item\":\"https:\/\/www.edenpalace.ch\/fr\/votre-evenement\/\"},{\"@type\":\"ListItem\",\"position\":3,\"name\":\"Banquet et gala\"}]},{\"@type\":\"WebSite\",\"@id\":\"https:\/\/www.edenpalace.ch\/en\/#website\",\"url\":\"https:\/\/www.edenpalace.ch\/en\/\",\"name\":\"Eden Palace\",\"description\":\"H\u00f4tel d&#039;exception sur les bords du lac de Montreux\",\"potentialAction\":[{\"@type\":\"SearchAction\",\"target\":{\"@type\":\"EntryPoint\",\"urlTemplate\":\"https:\/\/www.edenpalace.ch\/en\/?s={search_term_string}\"},\"query-input\":{\"@type\":\"PropertyValueSpecification\",\"valueRequired\":true,\"valueName\":\"search_term_string\"}}],\"inLanguage\":\"fr-FR\"}]}<\/script>\n<!-- \/ Yoast SEO plugin. -->","yoast_head_json":{"title":"BANQUET ET GALA - Eden Palace","description":"L\u2019Eden Palace au Lac vous propose ses salles pour l\u2019organisation de vos banquets, gala ou encore soir\u00e9es d\u2019entreprise.","robots":{"index":"index","follow":"follow","max-snippet":"max-snippet:-1","max-image-preview":"max-image-preview:large","max-video-preview":"max-video-preview:-1"},"canonical":"https:\/\/www.edenpalace.ch\/fr\/votre-evenement\/banquet-et-gala\/","og_locale":"fr_FR","og_type":"article","og_title":"BANQUET ET GALA - Eden Palace","og_description":"L\u2019Eden Palace au Lac vous propose ses salles pour l\u2019organisation de vos banquets, gala ou encore soir\u00e9es d\u2019entreprise.","og_url":"https:\/\/www.edenpalace.ch\/fr\/votre-evenement\/banquet-et-gala\/","og_site_name":"Eden Palace","article_modified_time":"2025-05-21T13:26:26+00:00","twitter_card":"summary_large_image","twitter_misc":{"Dur\u00e9e de lecture estim\u00e9e":"5 minutes"},"schema":{"@context":"https:\/\/schema.org","@graph":[{"@type":"WebPage","@id":"https:\/\/www.edenpalace.ch\/fr\/votre-evenement\/banquet-et-gala\/","url":"https:\/\/www.edenpalace.ch\/fr\/votre-evenement\/banquet-et-gala\/","name":"BANQUET ET GALA - Eden Palace","isPartOf":{"@id":"https:\/\/www.edenpalace.ch\/en\/#website"},"datePublished":"2016-10-27T08:01:00+00:00","dateModified":"2025-05-21T13:26:26+00:00","description":"L\u2019Eden Palace au Lac vous propose ses salles pour l\u2019organisation de vos banquets, gala ou encore soir\u00e9es d\u2019entreprise.","breadcrumb":{"@id":"https:\/\/www.edenpalace.ch\/fr\/votre-evenement\/banquet-et-gala\/#breadcrumb"},"inLanguage":"fr-FR","potentialAction":[{"@type":"ReadAction","target":["https:\/\/www.edenpalace.ch\/fr\/votre-evenement\/banquet-et-gala\/"]}]},{"@type":"BreadcrumbList","@id":"https:\/\/www.edenpalace.ch\/fr\/votre-evenement\/banquet-et-gala\/#breadcrumb","itemListElement":[{"@type":"ListItem","position":1,"name":"Accueil","item":"https:\/\/www.edenpalace.ch\/fr\/"},{"@type":"ListItem","position":2,"name":"Votre \u00e9v\u00e9nement","item":"https:\/\/www.edenpalace.ch\/fr\/votre-evenement\/"},{"@type":"ListItem","position":3,"name":"Banquet et gala"}]},{"@type":"WebSite","@id":"https:\/\/www.edenpalace.ch\/en\/#website","url":"https:\/\/www.edenpalace.ch\/en\/","name":"Eden Palace","description":"H\u00f4tel d&#039;exception sur les bords du lac de Montreux","potentialAction":[{"@type":"SearchAction","target":{"@type":"EntryPoint","urlTemplate":"https:\/\/www.edenpalace.ch\/en\/?s={search_term_string}"},"query-input":{"@type":"PropertyValueSpecification","valueRequired":true,"valueName":"search_term_string"}}],"inLanguage":"fr-FR"}]}},"_links":{"self":[{"href":"https:\/\/www.edenpalace.ch\/fr\/wp-json\/wp\/v2\/pages\/1462","targetHints":{"allow":["GET"]}}],"collection":[{"href":"https:\/\/www.edenpalace.ch\/fr\/wp-json\/wp\/v2\/pages"}],"about":[{"href":"https:\/\/www.edenpalace.ch\/fr\/wp-json\/wp\/v2\/types\/page"}],"author":[{"embeddable":true,"href":"https:\/\/www.edenpalace.ch\/fr\/wp-json\/wp\/v2\/users\/1"}],"replies":[{"embeddable":true,"href":"https:\/\/www.edenpalace.ch\/fr\/wp-json\/wp\/v2\/comments?post=1462"}],"version-history":[{"count":24,"href":"https:\/\/www.edenpalace.ch\/fr\/wp-json\/wp\/v2\/pages\/1462\/revisions"}],"predecessor-version":[{"id":6584,"href":"https:\/\/www.edenpalace.ch\/fr\/wp-json\/wp\/v2\/pages\/1462\/revisions\/6584"}],"up":[{"embeddable":true,"href":"https:\/\/www.edenpalace.ch\/fr\/wp-json\/wp\/v2\/pages\/1080"}],"wp:attachment":[{"href":"https:\/\/www.edenpalace.ch\/fr\/wp-json\/wp\/v2\/media?parent=1462"}],"curies":[{"name":"wp","href":"https:\/\/api.w.org\/{rel}","templated":true}]}}