 
{"id":1078,"date":"2016-08-17T16:05:37","date_gmt":"2016-08-17T14:05:37","guid":{"rendered":"https:\/\/www.edenpalace.ch\/?page_id=1078"},"modified":"2025-05-21T14:51:56","modified_gmt":"2025-05-21T12:51:56","slug":"conferences-et-seminaires","status":"publish","type":"page","link":"https:\/\/www.edenpalace.ch\/fr\/votre-evenement\/conferences-et-seminaires\/","title":{"rendered":"Conf\u00e9rences et s\u00e9minaires"},"content":{"rendered":"<div class=\"wpb-content-wrapper\"><p>[vc_row][vc_column][rev_slider_vc alias=&#8221;eden-palaceconference&#8221;][\/vc_column][\/vc_row][vc_row][vc_column css=&#8221;.vc_custom_1475505898325{padding-top: 40px !important;}&#8221;]<div class=\"benz_block_title style_9 \">\n\t\t\t\t<h2 class=\"title\" style=\"color:#303030\">Nos salles de s\u00e9minaires<\/h2>\n\t\t\t<\/div><div class=\"ult-spacer spacer-69f43f57e9e1f\" data-id=\"69f43f57e9e1f\" data-height=\"15\" data-height-mobile=\"15\" data-height-tab=\"15\" data-height-tab-portrait=\"15\" data-height-mobile-landscape=\"15\" style=\"clear:both;display:block;\"><\/div>[vc_row_inner type=&#8221;boxed&#8221;][vc_column_inner][vc_column_text]<\/p>\n<p style=\"text-align: center;\">L\u2019Eden Palace au Lac est le lieu id\u00e9al pour organiser vos conf\u00e9rences et s\u00e9minaires. Notre h\u00f4tel dispose de 6 salles de conf\u00e9rences et de s\u00e9minaires, \u00e9quip\u00e9es d\u2019une connexion WIFI gratuite.<\/p>\n<p style=\"text-align: center;\">Notre \u00e9tablissement \u00a0est id\u00e9alement situ\u00e9 \u00e0 moins d\u2019une heure de l\u2019a\u00e9roport de Gen\u00e8ve, 30 minutes de la gare de Lausanne et 5 minutes de celle de Montreux. N\u2019h\u00e9sitez pas \u00e0 nous contacter pour de plus amples informations.<\/p>\n<p>[\/vc_column_text][\/vc_column_inner][\/vc_row_inner][\/vc_column][\/vc_row][vc_row css=&#8221;.vc_custom_1471443292398{margin-top: 30px !important;}&#8221;][vc_column]    \t\n\t\t\n\t\t\n\t\t\t<div class=\"benz_products_furniture woocommerce\">\n\t\t<ul id=\"benz-products-furniture-814751970\" class=\"products product small-block-grid-1 medium-block-grid-2 large-block-grid-4\">\n                                    \n<li class=\"\">\n\n\t<a href=\"https:\/\/www.edenpalace.ch\/fr\/produit\/salon-leman-page-conferences-et-seminaires\/\" class=\"woocommerce-LoopProduct-link woocommerce-loop-product__link\">\n\n\n\t\t\n\t\t\n\t\t<div class=\"product_images_wrapper \">\n\n\t\t\t<div class=\"product_thumbnail\">\n\t\t\t\t\t<div class=\"product_images_hover\">\n\t\t\t\t\t\t<a class=\"read_more_product\" href=\"https:\/\/www.edenpalace.ch\/fr\/produit\/salon-leman-page-conferences-et-seminaires\/\"><\/a>\n\t\t\t\t\t\t\n\t\t\t\t\t<\/div>\n\t\t\t\t\t<img loading=\"lazy\" decoding=\"async\" width=\"350\" height=\"350\" src=\"https:\/\/www.edenpalace.ch\/wp-content\/uploads\/2016\/08\/Eden-Palace-Leman-fr-350x350.jpg\" class=\"attachment-shop_catalog size-shop_catalog wp-post-image\" alt=\"\" srcset=\"https:\/\/www.edenpalace.ch\/wp-content\/uploads\/2016\/08\/Eden-Palace-Leman-fr.jpg 350w, https:\/\/www.edenpalace.ch\/wp-content\/uploads\/2016\/08\/Eden-Palace-Leman-fr-100x100.jpg 100w, https:\/\/www.edenpalace.ch\/wp-content\/uploads\/2016\/08\/Eden-Palace-Leman-fr-150x150.jpg 150w, https:\/\/www.edenpalace.ch\/wp-content\/uploads\/2016\/08\/Eden-Palace-Leman-fr-300x300.jpg 300w, https:\/\/www.edenpalace.ch\/wp-content\/uploads\/2016\/08\/Eden-Palace-Leman-fr-130x130.jpg 130w\" sizes=\"auto, (max-width: 350px) 100vw, 350px\" \/>\t\t\t<\/div><!--.product_thumbnail-->\n\n\t\t\t\n\t\t\t\t\t\t\n\t\t\t<div class=\"product_caption\">\n\t\t\t\t<div class=\"product_list_price\">\n\t\t\t\t\t\t\n\t\t\t\t<\/div>\n\t\t\t\t<div class=\"product-category\">\n\t\t\t\t\t\u00c9v\u00e9nements professionnels\t\t\t\t<\/div>\n\t\t\t\t<h3><a class=\"product-title-link\" href=\"https:\/\/www.edenpalace.ch\/fr\/produit\/salon-leman-page-conferences-et-seminaires\/\">Salon L\u00e9man<\/a><\/h3>\n\n\t\t\t\t\n\t\t\t<\/div>\n\n\t\t<\/div><!--.product_images_wrapper-->\n\n<\/li>                            \n<li class=\"\">\n\n\t<a href=\"https:\/\/www.edenpalace.ch\/fr\/produit\/salon-victoria-regence-page-conferences-et-seminaires\/\" class=\"woocommerce-LoopProduct-link woocommerce-loop-product__link\">\n\n\n\t\t\n\t\t\n\t\t<div class=\"product_images_wrapper \">\n\n\t\t\t<div class=\"product_thumbnail\">\n\t\t\t\t\t<div class=\"product_images_hover\">\n\t\t\t\t\t\t<a class=\"read_more_product\" href=\"https:\/\/www.edenpalace.ch\/fr\/produit\/salon-victoria-regence-page-conferences-et-seminaires\/\"><\/a>\n\t\t\t\t\t\t\n\t\t\t\t\t<\/div>\n\t\t\t\t\t<img loading=\"lazy\" decoding=\"async\" width=\"350\" height=\"350\" src=\"https:\/\/www.edenpalace.ch\/wp-content\/uploads\/2016\/10\/Eden-Palace-victoria-fr-350x350.jpg\" class=\"attachment-shop_catalog size-shop_catalog wp-post-image\" alt=\"\" srcset=\"https:\/\/www.edenpalace.ch\/wp-content\/uploads\/2016\/10\/Eden-Palace-victoria-fr.jpg 350w, https:\/\/www.edenpalace.ch\/wp-content\/uploads\/2016\/10\/Eden-Palace-victoria-fr-100x100.jpg 100w, https:\/\/www.edenpalace.ch\/wp-content\/uploads\/2016\/10\/Eden-Palace-victoria-fr-150x150.jpg 150w, https:\/\/www.edenpalace.ch\/wp-content\/uploads\/2016\/10\/Eden-Palace-victoria-fr-300x300.jpg 300w, https:\/\/www.edenpalace.ch\/wp-content\/uploads\/2016\/10\/Eden-Palace-victoria-fr-130x130.jpg 130w\" sizes=\"auto, (max-width: 350px) 100vw, 350px\" \/>\t\t\t<\/div><!--.product_thumbnail-->\n\n\t\t\t\n\t\t\t\t\t\t\n\t\t\t<div class=\"product_caption\">\n\t\t\t\t<div class=\"product_list_price\">\n\t\t\t\t\t\t\n\t\t\t\t<\/div>\n\t\t\t\t<div class=\"product-category\">\n\t\t\t\t\t\u00c9v\u00e9nements professionnels\t\t\t\t<\/div>\n\t\t\t\t<h3><a class=\"product-title-link\" href=\"https:\/\/www.edenpalace.ch\/fr\/produit\/salon-victoria-regence-page-conferences-et-seminaires\/\">Salon Victoria &#038; R\u00e9gence<\/a><\/h3>\n\n\t\t\t\t\n\t\t\t<\/div>\n\n\t\t<\/div><!--.product_images_wrapper-->\n\n<\/li>                            \n<li class=\"\">\n\n\t<a href=\"https:\/\/www.edenpalace.ch\/fr\/produit\/salle-villa-eden-page-conferences-et-seminaires\/\" class=\"woocommerce-LoopProduct-link woocommerce-loop-product__link\">\n\n\n\t\t\n\t\t\n\t\t<div class=\"product_images_wrapper \">\n\n\t\t\t<div class=\"product_thumbnail\">\n\t\t\t\t\t<div class=\"product_images_hover\">\n\t\t\t\t\t\t<a class=\"read_more_product\" href=\"https:\/\/www.edenpalace.ch\/fr\/produit\/salle-villa-eden-page-conferences-et-seminaires\/\"><\/a>\n\t\t\t\t\t\t\n\t\t\t\t\t<\/div>\n\t\t\t\t\t<img loading=\"lazy\" decoding=\"async\" width=\"350\" height=\"350\" src=\"https:\/\/www.edenpalace.ch\/wp-content\/uploads\/2016\/11\/Eden-Palace-villa-eden-fr-350x350.jpg\" class=\"attachment-shop_catalog size-shop_catalog wp-post-image\" alt=\"\" srcset=\"https:\/\/www.edenpalace.ch\/wp-content\/uploads\/2016\/11\/Eden-Palace-villa-eden-fr.jpg 350w, https:\/\/www.edenpalace.ch\/wp-content\/uploads\/2016\/11\/Eden-Palace-villa-eden-fr-100x100.jpg 100w, https:\/\/www.edenpalace.ch\/wp-content\/uploads\/2016\/11\/Eden-Palace-villa-eden-fr-150x150.jpg 150w, https:\/\/www.edenpalace.ch\/wp-content\/uploads\/2016\/11\/Eden-Palace-villa-eden-fr-300x300.jpg 300w, https:\/\/www.edenpalace.ch\/wp-content\/uploads\/2016\/11\/Eden-Palace-villa-eden-fr-130x130.jpg 130w\" sizes=\"auto, (max-width: 350px) 100vw, 350px\" \/>\t\t\t<\/div><!--.product_thumbnail-->\n\n\t\t\t\n\t\t\t\t\t\t\n\t\t\t<div class=\"product_caption\">\n\t\t\t\t<div class=\"product_list_price\">\n\t\t\t\t\t\t\n\t\t\t\t<\/div>\n\t\t\t\t<div class=\"product-category\">\n\t\t\t\t\t\u00c9v\u00e9nements professionnels\t\t\t\t<\/div>\n\t\t\t\t<h3><a class=\"product-title-link\" href=\"https:\/\/www.edenpalace.ch\/fr\/produit\/salle-villa-eden-page-conferences-et-seminaires\/\">Villa Eden<\/a><\/h3>\n\n\t\t\t\t\n\t\t\t<\/div>\n\n\t\t<\/div><!--.product_images_wrapper-->\n\n<\/li>                            \n<li class=\"\">\n\n\t<a href=\"https:\/\/www.edenpalace.ch\/fr\/produit\/salle-byron-page-conferences-et-seminaires\/\" class=\"woocommerce-LoopProduct-link woocommerce-loop-product__link\">\n\n\n\t\t\n\t\t\n\t\t<div class=\"product_images_wrapper \">\n\n\t\t\t<div class=\"product_thumbnail\">\n\t\t\t\t\t<div class=\"product_images_hover\">\n\t\t\t\t\t\t<a class=\"read_more_product\" href=\"https:\/\/www.edenpalace.ch\/fr\/produit\/salle-byron-page-conferences-et-seminaires\/\"><\/a>\n\t\t\t\t\t\t\n\t\t\t\t\t<\/div>\n\t\t\t\t\t<img loading=\"lazy\" decoding=\"async\" width=\"350\" height=\"350\" src=\"https:\/\/www.edenpalace.ch\/wp-content\/uploads\/2016\/08\/Byron_new_text_mini-350x350.png\" class=\"attachment-shop_catalog size-shop_catalog wp-post-image\" alt=\"\" srcset=\"https:\/\/www.edenpalace.ch\/wp-content\/uploads\/2016\/08\/Byron_new_text_mini-350x350.png 350w, https:\/\/www.edenpalace.ch\/wp-content\/uploads\/2016\/08\/Byron_new_text_mini-100x100.png 100w, https:\/\/www.edenpalace.ch\/wp-content\/uploads\/2016\/08\/Byron_new_text_mini-150x150.png 150w, https:\/\/www.edenpalace.ch\/wp-content\/uploads\/2016\/08\/Byron_new_text_mini-130x130.png 130w\" sizes=\"auto, (max-width: 350px) 100vw, 350px\" \/>\t\t\t<\/div><!--.product_thumbnail-->\n\n\t\t\t\n\t\t\t\t\t\t\n\t\t\t<div class=\"product_caption\">\n\t\t\t\t<div class=\"product_list_price\">\n\t\t\t\t\t\t\n\t\t\t\t<\/div>\n\t\t\t\t<div class=\"product-category\">\n\t\t\t\t\t\u00c9v\u00e9nements professionnels\t\t\t\t<\/div>\n\t\t\t\t<h3><a class=\"product-title-link\" href=\"https:\/\/www.edenpalace.ch\/fr\/produit\/salle-byron-page-conferences-et-seminaires\/\">Salle Byron<\/a><\/h3>\n\n\t\t\t\t\n\t\t\t<\/div>\n\n\t\t<\/div><!--.product_images_wrapper-->\n\n<\/li>                    \t\t<\/ul>\n\t<\/div>\n\t<div class=\"ult-spacer spacer-69f43f57f136d\" data-id=\"69f43f57f136d\" data-height=\"40\" data-height-mobile=\"40\" data-height-tab=\"40\" data-height-tab-portrait=\"\" data-height-mobile-landscape=\"\" style=\"clear:both;display:block;\"><\/div><div class=\"aio-icon-component    style_1\"><div id=\"Info-box-wrap-7101\" class=\"aio-icon-box default-icon\" style=\"\"  ><\/div> <!-- aio-icon-box --><\/div> <!-- aio-icon-component -->[\/vc_column][\/vc_row][vc_row full_width=&#8221;stretch_row_content_no_spaces&#8221; css=&#8221;.vc_custom_1477616657767{background-color: #ffffff !important;}&#8221;][vc_column css=&#8221;.vc_custom_1477616711011{background-color: #ffffff !important;}&#8221;]<div class=\"ult-spacer spacer-69f43f57f151b\" data-id=\"69f43f57f151b\" data-height=\"30\" data-height-mobile=\"30\" data-height-tab=\"30\" data-height-tab-portrait=\"30\" data-height-mobile-landscape=\"30\" style=\"clear:both;display:block;\"><\/div><div class=\"benz_block_title style_9 \">\n\t\t\t\t<h2 class=\"title\" style=\"color:#303030\">D\u00e9couvrez les avantages de nos salles de s\u00e9minaire<\/h2>\n\t\t\t<\/div>[\/vc_column][\/vc_row][vc_row full_width=&#8221;stretch_row_content_no_spaces&#8221; equal_height=&#8221;yes&#8221; content_placement=&#8221;top&#8221; type=&#8221;boxed&#8221; columns_height=&#8221;columns_auto_height&#8221; el_class=&#8221;nova-icon-home-1 bloc-avantages&#8221; css=&#8221;.vc_custom_1480605960456{background-color: #ffffff !important;}&#8221;][vc_column width=&#8221;1\/4&#8243;]<div class=\"nova-icon-component   style_2\"><div class=\"nova-icon-box square_box-icon\" style=\"border-color:#e8e8e8;border-style:solid;border-width:2px;background-color:rgba(255,255,255,0.01);\" data-min-height='230px' data-hover-icon-color=#ffffff data-hover-icon-color-bg=#140459 data-hover-icon-color-border=#303030 ><div class=\"nova-icon-square_box\"><div class=\"ult-just-icon-wrapper  \"><div class=\"align-icon\" style=\"text-align:center;\">\n<div class=\"aio-icon advanced \"  style=\"color:#ffffff;background:#303030;border-style:solid;border-color:#303030;border-width:0px;width:75px;height:75px;line-height:75px;border-radius:75px;font-size:30px;display:inline-block;\">\n\t<i class=\"Defaults-user\"><\/i>\n<\/div><\/div><\/div><\/div><div class=\"nova-icon-header\"><h3 class=\"nova-icon-title\" style=\"font-size:14px;line-height:24px;color:#303030;\">Capacit\u00e9s d'accueil modulables<\/h3><\/div> <!-- header --><div class=\"nova-icon-description\" style=\"font-size:12px;line-height:24px;color:#515151;\">De 15 \u00e0 250 personnes,notre h\u00f4tel est en mesure d\u2019accueillir toutes vos conf\u00e9rences et s\u00e9minaires.<\/div> <!-- description --><\/div> <!-- nova-icon-box --><\/div><!-- nova-icon-component -->[\/vc_column][vc_column width=&#8221;1\/4&#8243;]<div class=\"nova-icon-component   style_2\"><div class=\"nova-icon-box square_box-icon\" style=\"border-color:#e8e8e8;border-style:solid;border-width:2px;background-color:rgba(255,255,255,0.01);\" data-min-height='230px' data-hover-icon-color=#ffffff data-hover-icon-color-bg=#140459 data-hover-icon-color-border=#303030 ><div class=\"nova-icon-square_box\"><div class=\"ult-just-icon-wrapper  \"><div class=\"align-icon\" style=\"text-align:center;\">\n<div class=\"aio-icon advanced \"  style=\"color:#ffffff;background:#303030;border-style:solid;border-color:#303030;border-width:0px;width:75px;height:75px;line-height:75px;border-radius:75px;font-size:30px;display:inline-block;\">\n\t<i class=\"Defaults-bed hotel\"><\/i>\n<\/div><\/div><\/div><\/div><div class=\"nova-icon-header\"><h3 class=\"nova-icon-title\" style=\"font-size:14px;line-height:24px;color:#303030;\">H\u00e9bergement sur place <\/h3><\/div> <!-- header --><div class=\"nova-icon-description\" style=\"font-size:12px;line-height:24px;color:#515151;\">L\u2019h\u00f4tel dispose de\u00a0chambres avec une connexion wifi.<\/div> <!-- description --><\/div> <!-- nova-icon-box --><\/div><!-- nova-icon-component -->[\/vc_column][vc_column width=&#8221;1\/4&#8243;]<div class=\"nova-icon-component   style_2\"><div class=\"nova-icon-box square_box-icon\" style=\"border-color:#e8e8e8;border-style:solid;border-width:2px;background-color:rgba(255,255,255,0.01);\" data-min-height='230px' data-hover-icon-color=#ffffff data-hover-icon-color-bg=#140459  ><div class=\"nova-icon-square_box\"><div class=\"ult-just-icon-wrapper  \"><div class=\"align-icon\" style=\"text-align:center;\">\n<div class=\"aio-icon advanced \"  style=\"color:#ffffff;background:#303030;border-style:;border-color:;border-width:1px;width:75px;height:75px;line-height:75px;border-radius:500px;font-size:30px;display:inline-block;\">\n\t<i class=\"Defaults-train\"><\/i>\n<\/div><\/div><\/div><\/div><div class=\"nova-icon-header\"><h3 class=\"nova-icon-title\" style=\"font-size:14px;line-height:24px;color:#303030;\">Id\u00e9alement situ\u00e9<\/h3><\/div> <!-- header --><div class=\"nova-icon-description\" style=\"font-size:12px;line-height:24px;color:#515151;\">Notre palace est situ\u00e9 \u00e0 moins d\u2019une heure de l\u2019a\u00e9roport de Gen\u00e8ve, trente minutes de la gare de Lausanne et cinq\u00a0minutes de celle de Montreux.<\/div> <!-- description --><\/div> <!-- nova-icon-box --><\/div><!-- nova-icon-component -->[\/vc_column][vc_column width=&#8221;1\/4&#8243;]<div class=\"nova-icon-component   style_2\"><div class=\"nova-icon-box square_box-icon\" style=\"border-color:#e8e8e8;border-style:solid;border-width:2px;background-color:rgba(255,255,255,0.01);\" data-min-height='230px' data-hover-icon-color=#ffffff data-hover-icon-color-bg=#140459 data-hover-icon-color-border=#303030 ><div class=\"nova-icon-square_box\"><div class=\"ult-just-icon-wrapper  \"><div class=\"align-icon\" style=\"text-align:center;\">\n<div class=\"aio-icon advanced \"  style=\"color:#ffffff;background:#303030;border-style:solid;border-color:#303030;border-width:0px;width:75px;height:75px;line-height:75px;border-radius:75px;font-size:30px;display:inline-block;\">\n\t<i class=\"Defaults-spoon\"><\/i>\n<\/div><\/div><\/div><\/div><div class=\"nova-icon-header\"><h3 class=\"nova-icon-title\" style=\"font-size:14px;line-height:24px;color:#303030;\">Restauration sur place <\/h3><\/div> <!-- header --><div class=\"nova-icon-description\" style=\"font-size:12px;line-height:24px;color:#515151;\">L\u2019Eden Palace au Lac vous propose une large gamme de services de restauration au sein de son <strong>restaurant<\/strong> ou sur sa terrasse.<\/div> <!-- description --><\/div> <!-- nova-icon-box --><\/div><!-- nova-icon-component -->[\/vc_column][\/vc_row][vc_row][vc_column]<div class=\"ult-spacer spacer-69f43f57f186a\" data-id=\"69f43f57f186a\" data-height=\"30\" data-height-mobile=\"30\" data-height-tab=\"30\" data-height-tab-portrait=\"30\" data-height-mobile-landscape=\"30\" style=\"clear:both;display:block;\"><\/div>[\/vc_column][\/vc_row][vc_row css=&#8221;.vc_custom_1475506568293{padding-top: 60px !important;}&#8221;][vc_column width=&#8221;1\/6&#8243;]<div class=\"ult-spacer spacer-69f43f57f1897\" data-id=\"69f43f57f1897\" data-height=\"10\" data-height-mobile=\"10\" data-height-tab=\"10\" data-height-tab-portrait=\"\" data-height-mobile-landscape=\"\" style=\"clear:both;display:block;\"><\/div>[\/vc_column][vc_column width=&#8221;2\/3&#8243;]<div class=\"benz_block_title style_7 \">\n\t\t\t\t<h2 class=\"title\" style=\"color:#303030\">Contactez notre service d\u00e9di\u00e9<\/h2>\n\t\t\t<\/div>[vc_column_text]<\/p>\n<h4 style=\"text-align: center;\">Monsieur Hadi Omran<\/h4>\n<h5 style=\"text-align: center;\"><em>D\u00e9partement S\u00e9minaires &amp; Banquets<\/em><\/h5>\n<p style=\"text-align: center;\">T\u00e9l :\u00a0 <a href=\"tel:+41219660800\">+41 (0)21 966 57 76<\/a><br \/>\nFax : <a href=\"tel:+41219660900\">+41 (0)21 966 09 00<\/a><br \/>\nE-mail : <a href=\"http:\/\/meeting@edenpalace.ch\/\">meeting@edenpalace.ch<\/a><\/p>\n<p>[\/vc_column_text][\/vc_column][vc_column width=&#8221;1\/6&#8243;]<div class=\"ult-spacer spacer-69f43f57f18e4\" data-id=\"69f43f57f18e4\" data-height=\"10\" data-height-mobile=\"10\" data-height-tab=\"10\" data-height-tab-portrait=\"\" data-height-mobile-landscape=\"\" style=\"clear:both;display:block;\"><\/div>[\/vc_column][\/vc_row]<\/p>\n<\/div>","protected":false},"excerpt":{"rendered":"<p>[vc_row][vc_column][rev_slider_vc alias=&#8221;eden-palaceconference&#8221;][\/vc_column][\/vc_row][vc_row][vc_column css=&#8221;.vc_custom_1475505898325{padding-top: 40px !important;}&#8221;][vc_row_inner type=&#8221;boxed&#8221;][vc_column_inner][vc_column_text] L\u2019Eden Palace au Lac est le lieu id\u00e9al pour organiser vos conf\u00e9rences et s\u00e9minaires. Notre h\u00f4tel dispose de 6 salles de conf\u00e9rences et de s\u00e9minaires, \u00e9quip\u00e9es d\u2019une connexion WIFI gratuite. Notre \u00e9tablissement \u00a0est id\u00e9alement situ\u00e9 \u00e0 moins d\u2019une heure de l\u2019a\u00e9roport de Gen\u00e8ve, 30 minutes de la gare de [&hellip;]<\/p>\n","protected":false},"author":1,"featured_media":0,"parent":1080,"menu_order":0,"comment_status":"closed","ping_status":"closed","template":"page-full-width.php","meta":{"_acf_changed":false,"footnotes":""},"class_list":["post-1078","page","type-page","status-publish","hentry"],"acf":[],"yoast_head":"<!-- This site is optimized with the Yoast SEO plugin v25.3 - https:\/\/yoast.com\/wordpress\/plugins\/seo\/ -->\n<title>CONFERENCE ET SEMINAIRES - Eden Palace<\/title>\n<meta name=\"description\" content=\"Notre h\u00f4tel dispose de 6 salles de conf\u00e9rences et de s\u00e9minaires, \u00e9quip\u00e9es d\u2019une connexion WIFI gratuite.\" \/>\n<meta name=\"robots\" content=\"index, follow, max-snippet:-1, max-image-preview:large, max-video-preview:-1\" \/>\n<link rel=\"canonical\" href=\"https:\/\/www.edenpalace.ch\/fr\/votre-evenement\/conferences-et-seminaires\/\" \/>\n<meta property=\"og:locale\" content=\"fr_FR\" \/>\n<meta property=\"og:type\" content=\"article\" \/>\n<meta property=\"og:title\" content=\"CONFERENCE ET SEMINAIRES - Eden Palace\" \/>\n<meta property=\"og:description\" content=\"Notre h\u00f4tel dispose de 6 salles de conf\u00e9rences et de s\u00e9minaires, \u00e9quip\u00e9es d\u2019une connexion WIFI gratuite.\" \/>\n<meta property=\"og:url\" content=\"https:\/\/www.edenpalace.ch\/fr\/votre-evenement\/conferences-et-seminaires\/\" \/>\n<meta property=\"og:site_name\" content=\"Eden Palace\" \/>\n<meta property=\"article:modified_time\" content=\"2025-05-21T12:51:56+00:00\" \/>\n<meta name=\"twitter:card\" content=\"summary_large_image\" \/>\n<meta name=\"twitter:label1\" content=\"Dur\u00e9e de lecture estim\u00e9e\" \/>\n\t<meta name=\"twitter:data1\" content=\"4 minutes\" \/>\n<script type=\"application\/ld+json\" class=\"yoast-schema-graph\">{\"@context\":\"https:\/\/schema.org\",\"@graph\":[{\"@type\":\"WebPage\",\"@id\":\"https:\/\/www.edenpalace.ch\/fr\/votre-evenement\/conferences-et-seminaires\/\",\"url\":\"https:\/\/www.edenpalace.ch\/fr\/votre-evenement\/conferences-et-seminaires\/\",\"name\":\"CONFERENCE ET SEMINAIRES - Eden Palace\",\"isPartOf\":{\"@id\":\"https:\/\/www.edenpalace.ch\/en\/#website\"},\"datePublished\":\"2016-08-17T14:05:37+00:00\",\"dateModified\":\"2025-05-21T12:51:56+00:00\",\"description\":\"Notre h\u00f4tel dispose de 6 salles de conf\u00e9rences et de s\u00e9minaires, \u00e9quip\u00e9es d\u2019une connexion WIFI gratuite.\",\"breadcrumb\":{\"@id\":\"https:\/\/www.edenpalace.ch\/fr\/votre-evenement\/conferences-et-seminaires\/#breadcrumb\"},\"inLanguage\":\"fr-FR\",\"potentialAction\":[{\"@type\":\"ReadAction\",\"target\":[\"https:\/\/www.edenpalace.ch\/fr\/votre-evenement\/conferences-et-seminaires\/\"]}]},{\"@type\":\"BreadcrumbList\",\"@id\":\"https:\/\/www.edenpalace.ch\/fr\/votre-evenement\/conferences-et-seminaires\/#breadcrumb\",\"itemListElement\":[{\"@type\":\"ListItem\",\"position\":1,\"name\":\"Accueil\",\"item\":\"https:\/\/www.edenpalace.ch\/fr\/\"},{\"@type\":\"ListItem\",\"position\":2,\"name\":\"Votre \u00e9v\u00e9nement\",\"item\":\"https:\/\/www.edenpalace.ch\/fr\/votre-evenement\/\"},{\"@type\":\"ListItem\",\"position\":3,\"name\":\"Conf\u00e9rences et s\u00e9minaires\"}]},{\"@type\":\"WebSite\",\"@id\":\"https:\/\/www.edenpalace.ch\/en\/#website\",\"url\":\"https:\/\/www.edenpalace.ch\/en\/\",\"name\":\"Eden Palace\",\"description\":\"H\u00f4tel d&#039;exception sur les bords du lac de Montreux\",\"potentialAction\":[{\"@type\":\"SearchAction\",\"target\":{\"@type\":\"EntryPoint\",\"urlTemplate\":\"https:\/\/www.edenpalace.ch\/en\/?s={search_term_string}\"},\"query-input\":{\"@type\":\"PropertyValueSpecification\",\"valueRequired\":true,\"valueName\":\"search_term_string\"}}],\"inLanguage\":\"fr-FR\"}]}<\/script>\n<!-- \/ Yoast SEO plugin. -->","yoast_head_json":{"title":"CONFERENCE ET SEMINAIRES - Eden Palace","description":"Notre h\u00f4tel dispose de 6 salles de conf\u00e9rences et de s\u00e9minaires, \u00e9quip\u00e9es d\u2019une connexion WIFI gratuite.","robots":{"index":"index","follow":"follow","max-snippet":"max-snippet:-1","max-image-preview":"max-image-preview:large","max-video-preview":"max-video-preview:-1"},"canonical":"https:\/\/www.edenpalace.ch\/fr\/votre-evenement\/conferences-et-seminaires\/","og_locale":"fr_FR","og_type":"article","og_title":"CONFERENCE ET SEMINAIRES - Eden Palace","og_description":"Notre h\u00f4tel dispose de 6 salles de conf\u00e9rences et de s\u00e9minaires, \u00e9quip\u00e9es d\u2019une connexion WIFI gratuite.","og_url":"https:\/\/www.edenpalace.ch\/fr\/votre-evenement\/conferences-et-seminaires\/","og_site_name":"Eden Palace","article_modified_time":"2025-05-21T12:51:56+00:00","twitter_card":"summary_large_image","twitter_misc":{"Dur\u00e9e de lecture estim\u00e9e":"4 minutes"},"schema":{"@context":"https:\/\/schema.org","@graph":[{"@type":"WebPage","@id":"https:\/\/www.edenpalace.ch\/fr\/votre-evenement\/conferences-et-seminaires\/","url":"https:\/\/www.edenpalace.ch\/fr\/votre-evenement\/conferences-et-seminaires\/","name":"CONFERENCE ET SEMINAIRES - Eden Palace","isPartOf":{"@id":"https:\/\/www.edenpalace.ch\/en\/#website"},"datePublished":"2016-08-17T14:05:37+00:00","dateModified":"2025-05-21T12:51:56+00:00","description":"Notre h\u00f4tel dispose de 6 salles de conf\u00e9rences et de s\u00e9minaires, \u00e9quip\u00e9es d\u2019une connexion WIFI gratuite.","breadcrumb":{"@id":"https:\/\/www.edenpalace.ch\/fr\/votre-evenement\/conferences-et-seminaires\/#breadcrumb"},"inLanguage":"fr-FR","potentialAction":[{"@type":"ReadAction","target":["https:\/\/www.edenpalace.ch\/fr\/votre-evenement\/conferences-et-seminaires\/"]}]},{"@type":"BreadcrumbList","@id":"https:\/\/www.edenpalace.ch\/fr\/votre-evenement\/conferences-et-seminaires\/#breadcrumb","itemListElement":[{"@type":"ListItem","position":1,"name":"Accueil","item":"https:\/\/www.edenpalace.ch\/fr\/"},{"@type":"ListItem","position":2,"name":"Votre \u00e9v\u00e9nement","item":"https:\/\/www.edenpalace.ch\/fr\/votre-evenement\/"},{"@type":"ListItem","position":3,"name":"Conf\u00e9rences et s\u00e9minaires"}]},{"@type":"WebSite","@id":"https:\/\/www.edenpalace.ch\/en\/#website","url":"https:\/\/www.edenpalace.ch\/en\/","name":"Eden Palace","description":"H\u00f4tel d&#039;exception sur les bords du lac de Montreux","potentialAction":[{"@type":"SearchAction","target":{"@type":"EntryPoint","urlTemplate":"https:\/\/www.edenpalace.ch\/en\/?s={search_term_string}"},"query-input":{"@type":"PropertyValueSpecification","valueRequired":true,"valueName":"search_term_string"}}],"inLanguage":"fr-FR"}]}},"_links":{"self":[{"href":"https:\/\/www.edenpalace.ch\/fr\/wp-json\/wp\/v2\/pages\/1078","targetHints":{"allow":["GET"]}}],"collection":[{"href":"https:\/\/www.edenpalace.ch\/fr\/wp-json\/wp\/v2\/pages"}],"about":[{"href":"https:\/\/www.edenpalace.ch\/fr\/wp-json\/wp\/v2\/types\/page"}],"author":[{"embeddable":true,"href":"https:\/\/www.edenpalace.ch\/fr\/wp-json\/wp\/v2\/users\/1"}],"replies":[{"embeddable":true,"href":"https:\/\/www.edenpalace.ch\/fr\/wp-json\/wp\/v2\/comments?post=1078"}],"version-history":[{"count":48,"href":"https:\/\/www.edenpalace.ch\/fr\/wp-json\/wp\/v2\/pages\/1078\/revisions"}],"predecessor-version":[{"id":6579,"href":"https:\/\/www.edenpalace.ch\/fr\/wp-json\/wp\/v2\/pages\/1078\/revisions\/6579"}],"up":[{"embeddable":true,"href":"https:\/\/www.edenpalace.ch\/fr\/wp-json\/wp\/v2\/pages\/1080"}],"wp:attachment":[{"href":"https:\/\/www.edenpalace.ch\/fr\/wp-json\/wp\/v2\/media?parent=1078"}],"curies":[{"name":"wp","href":"https:\/\/api.w.org\/{rel}","templated":true}]}}